{"id":372,"date":"2021-01-29T14:03:09","date_gmt":"2021-01-29T14:03:09","guid":{"rendered":"https:\/\/wpriverthemes.com\/tanda\/?page_id=372"},"modified":"2023-10-01T13:53:43","modified_gmt":"2023-10-01T13:53:43","slug":"daniel-caixeta","status":"publish","type":"page","link":"https:\/\/danielcaixeta.pro.br\/site\/daniel-caixeta\/","title":{"rendered":"Daniel Caixeta"},"content":{"rendered":"<div class=\"wpb-content-wrapper\"><p>[vc_row][vc_column]<!-- Start Case Details \n    ============================================= -->\n    <div class=\"case-details-area services-details-area default-padding\">\n        <div class=\"container\">\n            <div class=\"case-content\">\n                <div class=\"top-info\">\n                    <div class=\"row\">\n                        <div class=\"col-lg-7 thumb\">\n                            <img decoding=\"async\" src=\"https:\/\/danielcaixeta.pro.br\/site\/wp-content\/uploads\/2023\/09\/WhatsApp-Image-2023-05-15-at-17.48.15.png\" alt=\"Thumb\">\n                        <\/div>\n                        <div class=\"col-lg-5 left-info\">\n                            <h2>Daniel Caixeta<\/h2>\n                            <p>\n                                Licenciado em Pedagogia pela Universidade Paulista (2018). Bacharel em Sistemas de Informa\u00e7\u00e3o pelo Centro Universit\u00e1rio de Patos de Minas (2008).<\/p>\n<p>Especialista em Psicopedagogia e Neuroci\u00eancias pela Universidade Paulista (2020). Especialista em Forma\u00e7\u00e3o em Educa\u00e7\u00e3o a Dist\u00e2ncia pela Universidade Paulista (2019). Especialista em Educa\u00e7\u00e3o a Dist\u00e2ncia pela Faculdade de Tecnologia Senac Goi\u00e1s (2013). Especialista em Inform\u00e1tica em Educa\u00e7\u00e3o pela Universidade Federal de Lavras (2010). Especialista em Gest\u00e3o Escolar: Inspe\u00e7\u00e3o, Orienta\u00e7\u00e3o e Supervis\u00e3o Pedag\u00f3gica pelo Centro Universit\u00e1rio de Patos de Minas (2010).\n                            <\/p>\n                            <ul class=\"project-info\">\n                            <li>\n                                <div class=\"title\"><h5>Experi\u00eancia<\/h5><\/div>\n                                <div class=\"details\">11 anos<\/div>\n                            <\/li>\n                            <li>\n                                <div class=\"title\"><h5>Projetos Finalizados<\/h5><\/div>\n                                <div class=\"details\">Mais de 50<\/div>\n                            <\/li>\n                            <li>\n                                <div class=\"title\"><h5>Categorias<\/h5><\/div>\n                                <div class=\"details\">Faculdades, Universidades, Cursos t\u00e9cnicos<\/div>\n                            <\/li>\n                            <li>\n                                <div class=\"title\"><h5>Patos de Minas<\/h5><\/div>\n                                <div class=\"details\"><\/div>\n                            <\/li>\n                            <\/ul>\n                        <\/div>\n                    <\/div>\n                <\/div>[vc_column_text css=&#8221;.vc_custom_1696011580878{margin-bottom: 25px !important;}&#8221;]<\/p>\n<h3>Outras Experi\u00eancias e links:<\/h3>\n<p>[\/vc_column_text][vc_column_text css=&#8221;.vc_custom_1695935863466{margin-bottom: 15px !important;}&#8221;]Possuo experi\u00eancia enquanto docente\/tutor, consultor e atuo em pesquisas nas \u00e1reas de Educa\u00e7\u00e3o e Inform\u00e1tica, com \u00eanfase em Tecnologia Educacional, EaD e Software Livre. Especialista t\u00e9cnico e pedag\u00f3gico em comiss\u00f5es de verifica\u00e7\u00e3o de cursos de n\u00edvel de Educa\u00e7\u00e3o B\u00e1sica e Educa\u00e7\u00e3o Profissional pelo Conselho Estadual de Educa\u00e7\u00e3o (CEE\/GO).<\/p>\n<p>TITULA\u00c7\u00d5ES<\/p>\n<p>Tamb\u00e9m sou membro do\u00a0<a href=\"https:\/\/gead.fe.ufg.br\/\" target=\"_blank\" rel=\"noreferrer noopener\">GEAD \u2013 Grupo de Estudos e Pesquisas em Educa\u00e7\u00e3o a Dist\u00e2ncia \u2013 GEaD\/FE\/UFG\/CNPq<\/a>.<\/p>\n<div class=\"wpb_text_column wpb_content_element \">\n<div class=\"wpb_wrapper\">\n<p><strong>Link do Lattes:\u00a0<a href=\"http:\/\/lattes.cnpq.br\/0342305357276508\" target=\"_blank\" rel=\"noreferrer noopener\">http:\/\/lattes.cnpq.br\/0342305357276508<\/a><\/strong><\/p>\n<p><strong>Link do Linkedin:\u00a0<a href=\"https:\/\/www.linkedin.com\/in\/daniel-caixeta-queiroz-garcia\" target=\"_blank\" rel=\"noopener\">https:\/\/www.linkedin.com\/in\/daniel-caixeta-queiroz-garcia<\/a><\/strong><\/p>\n<\/div>\n<\/div>\n<p>[\/vc_column_text]<div class=\"row thumbs\">\n                        <div class=\"col-lg-6 col-md-6\">\n                            <img decoding=\"async\" src=\"https:\/\/danielcaixeta.pro.br\/site\/wp-content\/uploads\/2021\/01\/11-1.jpg\" alt=\"Thumb\">\n                        <\/div>\n                        <div class=\"col-lg-6 col-md-6\">\n                            <img decoding=\"async\" src=\"https:\/\/danielcaixeta.pro.br\/site\/wp-content\/uploads\/2021\/01\/22-1.jpg\" alt=\"Thumb\">\n                        <\/div>\n                    <\/div>\n                <\/div>\n            <\/div>\n        <\/div>\n    <\/div>\n    <!-- End Case Details -->[\/vc_column][\/vc_row]<\/p>\n<\/div>","protected":false},"excerpt":{"rendered":"<p>[vc_row][vc_column][vc_column_text css=&#8221;.vc_custom_1696011580878{margin-bottom: 25px !important;}&#8221;] Outras Experi\u00eancias e links: [\/vc_column_text][vc_column_text css=&#8221;.vc_custom_1695935863466{margin-bottom: 15px !important;}&#8221;]Possuo experi\u00eancia enquanto docente\/tutor, consultor e atuo em pesquisas nas \u00e1reas de Educa\u00e7\u00e3o e Inform\u00e1tica, com \u00eanfase em Tecnologia Educacional, EaD e Software Livre. Especialista t\u00e9cnico e pedag\u00f3gico em comiss\u00f5es de verifica\u00e7\u00e3o de cursos de n\u00edvel de Educa\u00e7\u00e3o B\u00e1sica e Educa\u00e7\u00e3o Profissional pelo Conselho [&hellip;]<\/p>\n","protected":false},"author":1,"featured_media":0,"parent":0,"menu_order":0,"comment_status":"closed","ping_status":"closed","template":"page-templates\/pages.php","meta":{"productId":0,"courseId":0,"footnotes":""},"class_list":["post-372","page","type-page","status-publish","hentry"],"_links":{"self":[{"href":"https:\/\/danielcaixeta.pro.br\/site\/wp-json\/wp\/v2\/pages\/372","targetHints":{"allow":["GET"]}}],"collection":[{"href":"https:\/\/danielcaixeta.pro.br\/site\/wp-json\/wp\/v2\/pages"}],"about":[{"href":"https:\/\/danielcaixeta.pro.br\/site\/wp-json\/wp\/v2\/types\/page"}],"author":[{"embeddable":true,"href":"https:\/\/danielcaixeta.pro.br\/site\/wp-json\/wp\/v2\/users\/1"}],"replies":[{"embeddable":true,"href":"https:\/\/danielcaixeta.pro.br\/site\/wp-json\/wp\/v2\/comments?post=372"}],"version-history":[{"count":8,"href":"https:\/\/danielcaixeta.pro.br\/site\/wp-json\/wp\/v2\/pages\/372\/revisions"}],"predecessor-version":[{"id":1467,"href":"https:\/\/danielcaixeta.pro.br\/site\/wp-json\/wp\/v2\/pages\/372\/revisions\/1467"}],"wp:attachment":[{"href":"https:\/\/danielcaixeta.pro.br\/site\/wp-json\/wp\/v2\/media?parent=372"}],"curies":[{"name":"wp","href":"https:\/\/api.w.org\/{rel}","templated":true}]}}