{"id":1675,"date":"2023-10-10T14:02:45","date_gmt":"2023-10-10T14:02:45","guid":{"rendered":"https:\/\/danielcaixeta.pro.br\/site\/?page_id=1675"},"modified":"2023-10-10T14:05:31","modified_gmt":"2023-10-10T14:05:31","slug":"alex-luis-dos-santos","status":"publish","type":"page","link":"https:\/\/danielcaixeta.pro.br\/site\/parceiros\/alex-luis-dos-santos\/","title":{"rendered":"Alex Luis dos Santos"},"content":{"rendered":"<div class=\"wpb-content-wrapper\"><p>[vc_row][vc_column]<!-- Start Case Details \n    ============================================= -->\n    <div class=\"case-details-area services-details-area default-padding\">\n        <div class=\"container\">\n            <div class=\"case-content\">\n                <div class=\"top-info\">\n                    <div class=\"row\">\n                        <div class=\"col-lg-7 thumb\">\n                            <img decoding=\"async\" src=\"https:\/\/danielcaixeta.pro.br\/site\/wp-content\/uploads\/2023\/09\/FOTO-ALEX-227x300-1.jpeg\" alt=\"Thumb\">\n                        <\/div>\n                        <div class=\"col-lg-5 left-info\">\n                            <h2>Alex Luis dos Santos<\/h2>\n                            <p>\n                                \n                            <\/p>\n                            <ul class=\"project-info\">\n                            <li>\n                                <div class=\"title\"><h5><\/h5><\/div>\n                                <div class=\"details\"><\/div>\n                            <\/li>\n                            <li>\n                                <div class=\"title\"><h5>Mestrado em Teoria Literaria e Critica da Cultura pela Universidade Federal de S\u00e3o Jo\u00e3o Del-Rei (2013). Doutorado em Estudos Ling\u00fc\u00edsticos na Universidade Federal de Minas Gerais (2018).<\/h5><\/div>\n                                <div class=\"details\"><\/div>\n                            <\/li>\n                            <li>\n                                <div class=\"title\"><h5><\/h5><\/div>\n                                <div class=\"details\"><\/div>\n                            <\/li>\n                            <li>\n                                <div class=\"title\"><h5><\/h5><\/div>\n                                <div class=\"details\"><\/div>\n                            <\/li>\n                            <\/ul>\n                        <\/div>\n                    <\/div>\n                <\/div>[vc_column_text css=&#8221;.vc_custom_1696946710682{margin-bottom: 25px !important;}&#8221;]<\/p>\n<h3>Experi\u00eancias<\/h3>\n<p>[\/vc_column_text][vc_column_text css=&#8221;.vc_custom_1696946551671{margin-bottom: 15px !important;}&#8221;]Atua desde 2009 principalmente nos seguintes temas: Avalia\u00e7\u00e3o na linguagem, An\u00e1lise de Discurso Cr\u00edtica, Lingu\u00edstica Sist\u00eamico-Funcional e Gram\u00e1tica do design Visual.<\/p>\n<p>Atualmente \u00e9 membro do Grupo de pesquisas e estudos em An\u00e1lise do Discurso Cr\u00edtica e Lingu\u00edstica Sist\u00eamico-Funcional, da Universidade Federal de Uberl\u00e2ndia (UFU) e do Grupo de Estudos em Gram\u00e1tica Funcional, da Universidade Federal de Ouro Preto.<\/p>\n<p>Al\u00e9m de trabalhos no Brasil, possui artigos publicados em peri\u00f3dicos cient\u00edficos da It\u00e1lia, Bulg\u00e1ria e Dinamarca.<\/p>\n<p>Tutor EAD\/UFLA (2013-2015), Orientador de TCC\/UFLA (2016-2018) e Revisor Textual UFSJ (2018-2022).<\/p>\n<p><strong>Link do Lattes:\u00a0<\/strong><a href=\"http:\/\/lattes.cnpq.br\/4217089562482536\" target=\"_blank\" rel=\"noopener\">http:\/\/lattes.cnpq.br\/4217089562482536<\/a>[\/vc_column_text][\/vc_column][\/vc_row]<\/p>\n<\/div>","protected":false},"excerpt":{"rendered":"<p>[vc_row][vc_column][vc_column_text css=&#8221;.vc_custom_1696946710682{margin-bottom: 25px !important;}&#8221;] Experi\u00eancias [\/vc_column_text][vc_column_text css=&#8221;.vc_custom_1696946551671{margin-bottom: 15px !important;}&#8221;]Atua desde 2009 principalmente nos seguintes temas: Avalia\u00e7\u00e3o na linguagem, An\u00e1lise de Discurso Cr\u00edtica, Lingu\u00edstica Sist\u00eamico-Funcional e Gram\u00e1tica do design Visual. Atualmente \u00e9 membro do Grupo de pesquisas e estudos em An\u00e1lise do Discurso Cr\u00edtica e Lingu\u00edstica Sist\u00eamico-Funcional, da Universidade Federal de Uberl\u00e2ndia (UFU) e do Grupo [&hellip;]<\/p>\n","protected":false},"author":1,"featured_media":0,"parent":1664,"menu_order":0,"comment_status":"closed","ping_status":"closed","template":"page-templates\/pages.php","meta":{"productId":0,"courseId":0,"footnotes":""},"class_list":["post-1675","page","type-page","status-publish","hentry"],"_links":{"self":[{"href":"https:\/\/danielcaixeta.pro.br\/site\/wp-json\/wp\/v2\/pages\/1675","targetHints":{"allow":["GET"]}}],"collection":[{"href":"https:\/\/danielcaixeta.pro.br\/site\/wp-json\/wp\/v2\/pages"}],"about":[{"href":"https:\/\/danielcaixeta.pro.br\/site\/wp-json\/wp\/v2\/types\/page"}],"author":[{"embeddable":true,"href":"https:\/\/danielcaixeta.pro.br\/site\/wp-json\/wp\/v2\/users\/1"}],"replies":[{"embeddable":true,"href":"https:\/\/danielcaixeta.pro.br\/site\/wp-json\/wp\/v2\/comments?post=1675"}],"version-history":[{"count":5,"href":"https:\/\/danielcaixeta.pro.br\/site\/wp-json\/wp\/v2\/pages\/1675\/revisions"}],"predecessor-version":[{"id":1680,"href":"https:\/\/danielcaixeta.pro.br\/site\/wp-json\/wp\/v2\/pages\/1675\/revisions\/1680"}],"up":[{"embeddable":true,"href":"https:\/\/danielcaixeta.pro.br\/site\/wp-json\/wp\/v2\/pages\/1664"}],"wp:attachment":[{"href":"https:\/\/danielcaixeta.pro.br\/site\/wp-json\/wp\/v2\/media?parent=1675"}],"curies":[{"name":"wp","href":"https:\/\/api.w.org\/{rel}","templated":true}]}}